{"id":13566,"date":"2021-05-04T11:34:36","date_gmt":"2021-05-04T10:34:36","guid":{"rendered":"https:\/\/palavras27.oeiras.pt\/?page_id=13566"},"modified":"2022-06-17T09:16:18","modified_gmt":"2022-06-17T08:16:18","slug":"cafe-com-letras-2007","status":"publish","type":"page","link":"https:\/\/palavras27.oeiras.pt\/?page_id=13566","title":{"rendered":"Caf\u00e9 com Letras 2007"},"content":{"rendered":"\t\t<div data-elementor-type=\"wp-page\" data-elementor-id=\"13566\" class=\"elementor elementor-13566\">\n\t\t\t\t\t\t<section class=\"elementor-section elementor-top-section elementor-element elementor-element-3519033f elementor-section-full_width elementor-section-content-middle elementor-section-height-default elementor-section-height-default jltma-glass-effect-no\" data-id=\"3519033f\" data-element_type=\"section\" data-settings=\"{&quot;background_background&quot;:&quot;classic&quot;}\">\n\t\t\t\t\t\t<div class=\"elementor-container elementor-column-gap-default\">\n\t\t\t\t\t<div class=\"elementor-column elementor-col-100 elementor-top-column elementor-element elementor-element-69eb108 jltma-glass-effect-no\" data-id=\"69eb108\" data-element_type=\"column\" data-settings=\"{&quot;background_background&quot;:&quot;classic&quot;}\">\n\t\t\t<div class=\"elementor-widget-wrap elementor-element-populated\">\n\t\t\t\t\t\t<section class=\"elementor-section elementor-inner-section elementor-element elementor-element-1693e0f5 elementor-section-full_width elementor-section-height-default elementor-section-height-default jltma-glass-effect-no\" data-id=\"1693e0f5\" data-element_type=\"section\" data-settings=\"{&quot;background_background&quot;:&quot;classic&quot;}\">\n\t\t\t\t\t\t<div class=\"elementor-container elementor-column-gap-default\">\n\t\t\t\t\t<div class=\"elementor-column elementor-col-50 elementor-inner-column elementor-element elementor-element-7fe0c171 jltma-glass-effect-no\" data-id=\"7fe0c171\" data-element_type=\"column\" data-settings=\"{&quot;background_background&quot;:&quot;classic&quot;}\">\n\t\t\t<div class=\"elementor-widget-wrap\">\n\t\t\t\t\t\t\t<\/div>\n\t\t<\/div>\n\t\t\t\t<div class=\"elementor-column elementor-col-50 elementor-inner-column elementor-element elementor-element-369569cb jltma-glass-effect-no\" data-id=\"369569cb\" data-element_type=\"column\">\n\t\t\t<div class=\"elementor-widget-wrap elementor-element-populated\">\n\t\t\t\t\t\t<div class=\"elementor-element elementor-element-481a943c jltma-glass-effect-no elementor-widget elementor-widget-text-editor\" data-id=\"481a943c\" data-element_type=\"widget\" data-widget_type=\"text-editor.default\">\n\t\t\t\t<div class=\"elementor-widget-container\">\n\t\t\t\t\t\t\t\t\t<p style=\"text-align: left;\">Desde 2006 que as Bibliotecas Municipais de Oeiras propiciam aos seus leitores o contacto em pessoa com os escritores e a sua obra, em conversas sempre memor\u00e1veis.<\/p>\t\t\t\t\t\t\t\t<\/div>\n\t\t\t\t<\/div>\n\t\t\t\t<div class=\"elementor-element elementor-element-2708f725 elementor-widget-mobile__width-inherit jltma-glass-effect-no elementor-widget elementor-widget-heading\" data-id=\"2708f725\" data-element_type=\"widget\" data-widget_type=\"heading.default\">\n\t\t\t\t<div class=\"elementor-widget-container\">\n\t\t\t\t\t<h2 class=\"elementor-heading-title elementor-size-small\">Conversas com Escritores<\/h2>\t\t\t\t<\/div>\n\t\t\t\t<\/div>\n\t\t\t\t\t<\/div>\n\t\t<\/div>\n\t\t\t\t\t<\/div>\n\t\t<\/section>\n\t\t\t\t\t<\/div>\n\t\t<\/div>\n\t\t\t\t\t<\/div>\n\t\t<\/section>\n\t\t\t\t<section class=\"elementor-section elementor-top-section elementor-element elementor-element-65c28723 elementor-section-full_width elementor-section-height-default elementor-section-height-default jltma-glass-effect-no\" data-id=\"65c28723\" data-element_type=\"section\" data-settings=\"{&quot;background_background&quot;:&quot;classic&quot;}\">\n\t\t\t\t\t\t<div class=\"elementor-container elementor-column-gap-default\">\n\t\t\t\t\t<div class=\"elementor-column elementor-col-66 elementor-top-column elementor-element elementor-element-687b6fbf jltma-glass-effect-no\" data-id=\"687b6fbf\" data-element_type=\"column\">\n\t\t\t<div class=\"elementor-widget-wrap elementor-element-populated\">\n\t\t\t\t\t\t<div class=\"elementor-element elementor-element-b49e37c jltma-glass-effect-no elementor-widget elementor-widget-heading\" data-id=\"b49e37c\" data-element_type=\"widget\" data-widget_type=\"heading.default\">\n\t\t\t\t<div class=\"elementor-widget-container\">\n\t\t\t\t\t<h4 class=\"elementor-heading-title elementor-size-default\">Apresenta\u00e7\u00e3o<\/h4>\t\t\t\t<\/div>\n\t\t\t\t<\/div>\n\t\t\t\t<div class=\"elementor-element elementor-element-1bf0c904 jltma-glass-effect-no elementor-widget elementor-widget-text-editor\" data-id=\"1bf0c904\" data-element_type=\"widget\" data-widget_type=\"text-editor.default\">\n\t\t\t\t<div class=\"elementor-widget-container\">\n\t\t\t\t\t\t\t\t\t<p>Caf\u00e9 com Letras \u00e9 um projeto realizado pelo Munic\u00edpio de Oeiras atrav\u00e9s das suas Bibliotecas Municipais. Iniciado em 2006, teve a presen\u00e7as dos nomes maiores da literatura em Portugal e contou at\u00e9 hoje com cerca de uma centena de convidados, n\u00e3o s\u00f3 escritores como de outras \u00e1reas art\u00edsticas.\u00a0<br \/><br \/>Jos\u00e9 Saramago, Ant\u00f3nio Lobo Antunes, Mia Couto, Manuel Ant\u00f3nio Pina, Carlos do Carmo, Raul Solnado, foram apenas alguns nomes dos muitos que visitaram as Bibliotecas Municipais de Oeiras no \u00e2mbito deste projeto.<\/p>\t\t\t\t\t\t\t\t<\/div>\n\t\t\t\t<\/div>\n\t\t\t\t<div class=\"elementor-element elementor-element-2f212a0 jltma-glass-effect-no elementor-widget elementor-widget-heading\" data-id=\"2f212a0\" data-element_type=\"widget\" data-widget_type=\"heading.default\">\n\t\t\t\t<div class=\"elementor-widget-container\">\n\t\t\t\t\t<h4 class=\"elementor-heading-title elementor-size-default\">Sess\u00f5es<\/h4>\t\t\t\t<\/div>\n\t\t\t\t<\/div>\n\t\t\t\t<div class=\"elementor-element elementor-element-b11e1c6 jltma-glass-effect-no elementor-widget elementor-widget-text-editor\" data-id=\"b11e1c6\" data-element_type=\"widget\" data-widget_type=\"text-editor.default\">\n\t\t\t\t<div class=\"elementor-widget-container\">\n\t\t\t\t\t\t\t\t\t<p>19 de janeiro de 2007 &#8211; Vasco Gra\u00e7a Moura &#8211; Biblioteca Municipal de Alg\u00e9s (grava\u00e7\u00e3o inexistente)<\/p><p>28 de fevereiro de 2007 &#8211; Ant\u00f3nio Os\u00f3rio &#8211; Biblioteca Municipal de Alg\u00e9s (grava\u00e7\u00e3o inexistente)<\/p><p>22 de mar\u00e7o de 2007 &#8211; Pedro Tamen &#8211; Biblioteca Municipal de Oeiras (grava\u00e7\u00e3o inexistente)<\/p><p>18 de abril de 2007 &#8211; Jo\u00e3o Gil &#8211; Biblioteca Municipal de Oeiras (grava\u00e7\u00e3o inexistente)<\/p><p>21 de abril de 2007 &#8211; Manuel Alegre &#8211; Biblioteca Municipal de Oeiras (grava\u00e7\u00e3o inexistente)<\/p><p>6 de junho de 2007 &#8211; Jos\u00e9 Lu\u00eds Peixoto &#8211; Biblioteca Municipal de Alg\u00e9s (grava\u00e7\u00e3o inexistente)<\/p><p>27 de junho de 2007 &#8211; Jos\u00e9 Tolentino Mendon\u00e7a &#8211; Biblioteca Municipal de Carnaxide (grava\u00e7\u00e3o inexistente)<\/p><p>26 de setembro de 2007 &#8211; Nuno J\u00fadice &#8211; Biblioteca Municipal de Oeiras (grava\u00e7\u00e3o inexistente)<\/p><p>30 de outubro de 2007 &#8211; Maria do Ros\u00e1rio Pedreira &#8211; Biblioteca Municipal de Alg\u00e9s (grava\u00e7\u00e3o inexistente)<\/p><p>28 de novembro de 2007 &#8211; Fernando Pinto do Amaral &#8211; Biblioteca Municipal de Carnaxide (grava\u00e7\u00e3o inexistente)<\/p><p>13 de dezembro de 2007 &#8211; Eduardo Louren\u00e7o &#8211; Biblioteca Municipal de Oeiras (grava\u00e7\u00e3o inexistente)<\/p>\t\t\t\t\t\t\t\t<\/div>\n\t\t\t\t<\/div>\n\t\t\t\t\t<\/div>\n\t\t<\/div>\n\t\t\t\t<div class=\"elementor-column elementor-col-33 elementor-top-column elementor-element elementor-element-bdb578a jltma-glass-effect-no\" data-id=\"bdb578a\" data-element_type=\"column\">\n\t\t\t<div class=\"elementor-widget-wrap elementor-element-populated\">\n\t\t\t\t\t\t<div class=\"elementor-element elementor-element-f408036 jltma-glass-effect-no elementor-widget elementor-widget-heading\" data-id=\"f408036\" data-element_type=\"widget\" data-widget_type=\"heading.default\">\n\t\t\t\t<div class=\"elementor-widget-container\">\n\t\t\t\t\t<h5 class=\"elementor-heading-title elementor-size-default\">conte\u00fado relacionado<\/h5>\t\t\t\t<\/div>\n\t\t\t\t<\/div>\n\t\t\t\t<section class=\"elementor-section elementor-inner-section elementor-element elementor-element-3409ddab elementor-section-full_width elementor-section-height-default elementor-section-height-default jltma-glass-effect-no\" data-id=\"3409ddab\" data-element_type=\"section\" data-settings=\"{&quot;background_background&quot;:&quot;classic&quot;}\">\n\t\t\t\t\t\t<div class=\"elementor-container elementor-column-gap-no\">\n\t\t\t\t\t<div class=\"elementor-column elementor-col-100 elementor-inner-column elementor-element elementor-element-7551f278 jltma-glass-effect-no\" data-id=\"7551f278\" data-element_type=\"column\" data-settings=\"{&quot;background_background&quot;:&quot;classic&quot;}\">\n\t\t\t<div class=\"elementor-widget-wrap elementor-element-populated\">\n\t\t\t\t\t\t<div class=\"elementor-element elementor-element-4e21bd24 jltma-glass-effect-no elementor-widget elementor-widget-heading\" data-id=\"4e21bd24\" data-element_type=\"widget\" data-widget_type=\"heading.default\">\n\t\t\t\t<div class=\"elementor-widget-container\">\n\t\t\t\t\t<h2 class=\"elementor-heading-title elementor-size-default\">Ficha T\u00e9cnica<\/h2>\t\t\t\t<\/div>\n\t\t\t\t<\/div>\n\t\t\t\t<div class=\"elementor-element elementor-element-22ca2578 jltma-glass-effect-no elementor-widget elementor-widget-text-editor\" data-id=\"22ca2578\" data-element_type=\"widget\" data-widget_type=\"text-editor.default\">\n\t\t\t\t<div class=\"elementor-widget-container\">\n\t\t\t\t\t\t\t\t\t<p>Modera\u00e7\u00e3o: <strong>Carlos Vaz Marques<\/strong><\/p>\t\t\t\t\t\t\t\t<\/div>\n\t\t\t\t<\/div>\n\t\t\t\t\t<\/div>\n\t\t<\/div>\n\t\t\t\t\t<\/div>\n\t\t<\/section>\n\t\t\t\t<section class=\"elementor-section elementor-inner-section elementor-element elementor-element-1b66fdac elementor-section-full_width elementor-section-height-default elementor-section-height-default jltma-glass-effect-no\" data-id=\"1b66fdac\" data-element_type=\"section\" data-settings=\"{&quot;background_background&quot;:&quot;classic&quot;}\">\n\t\t\t\t\t\t<div class=\"elementor-container elementor-column-gap-no\">\n\t\t\t\t\t<div class=\"elementor-column elementor-col-100 elementor-inner-column elementor-element elementor-element-7118daab jltma-glass-effect-no\" data-id=\"7118daab\" data-element_type=\"column\" data-settings=\"{&quot;background_background&quot;:&quot;classic&quot;}\">\n\t\t\t<div class=\"elementor-widget-wrap elementor-element-populated\">\n\t\t\t\t\t\t<div class=\"elementor-element elementor-element-1bbf1d93 jltma-glass-effect-no elementor-widget elementor-widget-heading\" data-id=\"1bbf1d93\" data-element_type=\"widget\" data-widget_type=\"heading.default\">\n\t\t\t\t<div class=\"elementor-widget-container\">\n\t\t\t\t\t<h2 class=\"elementor-heading-title elementor-size-default\"><a href=\"\/\">Cronologia<\/a><\/h2>\t\t\t\t<\/div>\n\t\t\t\t<\/div>\n\t\t\t\t<div class=\"elementor-element elementor-element-3296f9c5 jltma-glass-effect-no elementor-widget elementor-widget-text-editor\" data-id=\"3296f9c5\" data-element_type=\"widget\" data-widget_type=\"text-editor.default\">\n\t\t\t\t<div class=\"elementor-widget-container\">\n\t\t\t\t\t\t\t\t\t<p>In\u00edcio: janeiro 2007<\/p><p>Fim: dezembro 2007<\/p>\t\t\t\t\t\t\t\t<\/div>\n\t\t\t\t<\/div>\n\t\t\t\t\t<\/div>\n\t\t<\/div>\n\t\t\t\t\t<\/div>\n\t\t<\/section>\n\t\t\t\t\t<\/div>\n\t\t<\/div>\n\t\t\t\t\t<\/div>\n\t\t<\/section>\n\t\t\t\t<section class=\"elementor-section elementor-top-section elementor-element elementor-element-6661248e elementor-section-full_width elementor-section-height-default elementor-section-height-default jltma-glass-effect-no\" data-id=\"6661248e\" data-element_type=\"section\">\n\t\t\t\t\t\t<div class=\"elementor-container elementor-column-gap-no\">\n\t\t\t\t\t<div class=\"elementor-column elementor-col-50 elementor-top-column elementor-element elementor-element-6f754b23 jltma-glass-effect-no\" data-id=\"6f754b23\" data-element_type=\"column\" data-settings=\"{&quot;background_background&quot;:&quot;classic&quot;}\">\n\t\t\t<div class=\"elementor-widget-wrap elementor-element-populated\">\n\t\t\t\t\t\t<div class=\"elementor-element elementor-element-65891b0 jltma-glass-effect-no elementor-widget elementor-widget-heading\" data-id=\"65891b0\" data-element_type=\"widget\" data-widget_type=\"heading.default\">\n\t\t\t\t<div class=\"elementor-widget-container\">\n\t\t\t\t\t<h2 class=\"elementor-heading-title elementor-size-default\">Caf\u00e9 com letras 2006<\/h2>\t\t\t\t<\/div>\n\t\t\t\t<\/div>\n\t\t\t\t<div class=\"elementor-element elementor-element-3660ee93 jltma-glass-effect-no elementor-widget elementor-widget-text-editor\" data-id=\"3660ee93\" data-element_type=\"widget\" data-widget_type=\"text-editor.default\">\n\t\t\t\t<div class=\"elementor-widget-container\">\n\t\t\t\t\t\t\t\t\t<p>Os convidados conversam com Carlos Vaz Marques sobre a sua vida e obra num projeto com a assinatura das Bibliotecas Municipais de Oeiras.<\/p>\t\t\t\t\t\t\t\t<\/div>\n\t\t\t\t<\/div>\n\t\t\t\t<div class=\"elementor-element elementor-element-4b27ccee jltma-glass-effect-no elementor-widget elementor-widget-button\" data-id=\"4b27ccee\" data-element_type=\"widget\" data-widget_type=\"button.default\">\n\t\t\t\t<div class=\"elementor-widget-container\">\n\t\t\t\t\t\t\t\t\t<div class=\"elementor-button-wrapper\">\n\t\t\t\t\t<a class=\"elementor-button elementor-button-link elementor-size-sm elementor-animation-grow\" href=\"\/?page_id=13355\">\n\t\t\t\t\t\t<span class=\"elementor-button-content-wrapper\">\n\t\t\t\t\t\t\t\t\t<span class=\"elementor-button-text\">Ver mais<\/span>\n\t\t\t\t\t<\/span>\n\t\t\t\t\t<\/a>\n\t\t\t\t<\/div>\n\t\t\t\t\t\t\t\t<\/div>\n\t\t\t\t<\/div>\n\t\t\t\t\t<\/div>\n\t\t<\/div>\n\t\t\t\t<div class=\"elementor-column elementor-col-50 elementor-top-column elementor-element elementor-element-596aa081 jltma-glass-effect-no\" data-id=\"596aa081\" data-element_type=\"column\" data-settings=\"{&quot;background_background&quot;:&quot;classic&quot;}\">\n\t\t\t<div class=\"elementor-widget-wrap elementor-element-populated\">\n\t\t\t\t\t\t<div class=\"elementor-element elementor-element-4f458901 jltma-glass-effect-no elementor-widget elementor-widget-heading\" data-id=\"4f458901\" data-element_type=\"widget\" data-widget_type=\"heading.default\">\n\t\t\t\t<div class=\"elementor-widget-container\">\n\t\t\t\t\t<h2 class=\"elementor-heading-title elementor-size-default\">Caf\u00e9 com Letras 2008<\/h2>\t\t\t\t<\/div>\n\t\t\t\t<\/div>\n\t\t\t\t<div class=\"elementor-element elementor-element-6b561213 jltma-glass-effect-no elementor-widget elementor-widget-text-editor\" data-id=\"6b561213\" data-element_type=\"widget\" data-widget_type=\"text-editor.default\">\n\t\t\t\t<div class=\"elementor-widget-container\">\n\t\t\t\t\t\t\t\t\t<p>Nove convidados conversam com Carlos Vaz Marques num projeto com a assinatura das Bibliotecas Municipais de Oeiras.<\/p>\t\t\t\t\t\t\t\t<\/div>\n\t\t\t\t<\/div>\n\t\t\t\t<div class=\"elementor-element elementor-element-48c4b0ae jltma-glass-effect-no elementor-widget elementor-widget-button\" data-id=\"48c4b0ae\" data-element_type=\"widget\" data-widget_type=\"button.default\">\n\t\t\t\t<div class=\"elementor-widget-container\">\n\t\t\t\t\t\t\t\t\t<div class=\"elementor-button-wrapper\">\n\t\t\t\t\t<a class=\"elementor-button elementor-button-link elementor-size-sm elementor-animation-grow\" href=\"\/?page_id=13481\">\n\t\t\t\t\t\t<span class=\"elementor-button-content-wrapper\">\n\t\t\t\t\t\t\t\t\t<span class=\"elementor-button-text\">Ver mais<\/span>\n\t\t\t\t\t<\/span>\n\t\t\t\t\t<\/a>\n\t\t\t\t<\/div>\n\t\t\t\t\t\t\t\t<\/div>\n\t\t\t\t<\/div>\n\t\t\t\t\t<\/div>\n\t\t<\/div>\n\t\t\t\t\t<\/div>\n\t\t<\/section>\n\t\t\t\t<\/div>\n\t\t","protected":false},"excerpt":{"rendered":"<p>Desde 2006 que as Bibliotecas Municipais de Oeiras propiciam aos seus leitores o contacto em pessoa com os escritores e a sua obra, em conversas sempre memor\u00e1veis. Conversas com Escritores Apresenta\u00e7\u00e3o Caf\u00e9 com Letras \u00e9 um projeto realizado pelo Munic\u00edpio de Oeiras atrav\u00e9s das suas Bibliotecas Municipais. Iniciado em 2006, teve a presen\u00e7as dos nomes&hellip;&nbsp;<a href=\"https:\/\/palavras27.oeiras.pt\/?page_id=13566\" rel=\"bookmark\">Ler mais &raquo;<span class=\"screen-reader-text\">Caf\u00e9 com Letras 2007<\/span><\/a><\/p>\n","protected":false},"author":2,"featured_media":13136,"parent":1515,"menu_order":0,"comment_status":"closed","ping_status":"closed","template":"elementor_header_footer","meta":{"_monsterinsights_skip_tracking":false,"_monsterinsights_sitenote_active":false,"_monsterinsights_sitenote_note":"","_monsterinsights_sitenote_category":0,"neve_meta_sidebar":"full-width","neve_meta_container":"","neve_meta_enable_content_width":"on","neve_meta_content_width":100,"neve_meta_title_alignment":"","neve_meta_author_avatar":"","neve_post_elements_order":"","neve_meta_disable_header":"","neve_meta_disable_footer":"","neve_meta_disable_title":"","footnotes":""},"class_list":["post-13566","page","type-page","status-publish","has-post-thumbnail","hentry"],"aioseo_notices":[],"_links":{"self":[{"href":"https:\/\/palavras27.oeiras.pt\/index.php?rest_route=\/wp\/v2\/pages\/13566","targetHints":{"allow":["GET"]}}],"collection":[{"href":"https:\/\/palavras27.oeiras.pt\/index.php?rest_route=\/wp\/v2\/pages"}],"about":[{"href":"https:\/\/palavras27.oeiras.pt\/index.php?rest_route=\/wp\/v2\/types\/page"}],"author":[{"embeddable":true,"href":"https:\/\/palavras27.oeiras.pt\/index.php?rest_route=\/wp\/v2\/users\/2"}],"replies":[{"embeddable":true,"href":"https:\/\/palavras27.oeiras.pt\/index.php?rest_route=%2Fwp%2Fv2%2Fcomments&post=13566"}],"version-history":[{"count":50,"href":"https:\/\/palavras27.oeiras.pt\/index.php?rest_route=\/wp\/v2\/pages\/13566\/revisions"}],"predecessor-version":[{"id":17848,"href":"https:\/\/palavras27.oeiras.pt\/index.php?rest_route=\/wp\/v2\/pages\/13566\/revisions\/17848"}],"up":[{"embeddable":true,"href":"https:\/\/palavras27.oeiras.pt\/index.php?rest_route=\/wp\/v2\/pages\/1515"}],"wp:featuredmedia":[{"embeddable":true,"href":"https:\/\/palavras27.oeiras.pt\/index.php?rest_route=\/wp\/v2\/media\/13136"}],"wp:attachment":[{"href":"https:\/\/palavras27.oeiras.pt\/index.php?rest_route=%2Fwp%2Fv2%2Fmedia&parent=13566"}],"curies":[{"name":"wp","href":"https:\/\/api.w.org\/{rel}","templated":true}]}}